{"id":128,"date":"2013-06-01T15:17:46","date_gmt":"2013-06-01T14:17:46","guid":{"rendered":"http:\/\/www.praeventio-ev.de\/?page_id=128"},"modified":"2025-04-03T15:33:48","modified_gmt":"2025-04-03T14:33:48","slug":"brigitte-lukewille","status":"publish","type":"page","link":"https:\/\/www.praeventio-ev.de\/?page_id=128","title":{"rendered":"Brigitte L\u00fckewille"},"content":{"rendered":"<p><img loading=\"lazy\" decoding=\"async\" class=\"alignright wp-image-3820 size-medium\" src=\"https:\/\/www.praeventio-ev.de\/wp-content\/uploads\/2025\/04\/Luekewille1-225x300.jpg\" alt=\"\" width=\"225\" height=\"300\" srcset=\"https:\/\/www.praeventio-ev.de\/wp-content\/uploads\/2025\/04\/Luekewille1-225x300.jpg 225w, https:\/\/www.praeventio-ev.de\/wp-content\/uploads\/2025\/04\/Luekewille1-768x1024.jpg 768w, https:\/\/www.praeventio-ev.de\/wp-content\/uploads\/2025\/04\/Luekewille1-1152x1536.jpg 1152w, https:\/\/www.praeventio-ev.de\/wp-content\/uploads\/2025\/04\/Luekewille1-1536x2048.jpg 1536w, https:\/\/www.praeventio-ev.de\/wp-content\/uploads\/2025\/04\/Luekewille1-scaled.jpg 1920w\" sizes=\"auto, (max-width: 225px) 100vw, 225px\" \/><\/p>\n<h3>\u00dcbungsleiterin f\u00fcr Orthop\u00e4die und innere Medizin<\/h3>\n<p>Aufgrund eines Artikels in der \u00f6rtlichen Tageszeitung mit dem Titel \u201e\u00dcbungsleiterin gesucht&#8220; kam ich zu Pr\u00e4ventio.<\/p>\n<p><em id=\"__mceDel\"> Die Ausbildung zur \u00dcbungsleiterin erfolgte in Rheine \u00fcber den Behindertensportverband Nordrhein Westfalen.<\/em><\/p>\n<p>Im Jahre 2003 f\u00fcr die Orthop\u00e4die.<\/p>\n<p>Im Jahre 2004 f\u00fcr die inneren Organe.<\/p>\n<p>Zurzeit leite ich 2 Gruppen (H\u00fcftsportgruppe und &#8222;In Bewegung bleiben&#8220;).<\/p>\n<p>Die T\u00e4tigkeit in den verschiedenen Gruppen kommt generell meinen sportlichen Ambitionen entgegen und macht mir viel Freude.<\/p>\n<p>Seit 2014 bin ich im Pr\u00e4ventio Vorstand f\u00fcr den Reha &#8211; Sport zust\u00e4ndig.<\/p>\n<h3>Kontakt:<\/h3>\n<p>Tel.:\u00a005 22 2 \/ 74 42<\/p>\n","protected":false},"excerpt":{"rendered":"<p>\u00dcbungsleiterin f\u00fcr Orthop\u00e4die und innere Medizin Aufgrund eines Artikels in der \u00f6rtlichen Tageszeitung mit dem Titel \u201e\u00dcbungsleiterin gesucht&#8220; kam ich zu Pr\u00e4ventio. Die Ausbildung zur \u00dcbungsleiterin erfolgte in Rheine \u00fcber den Behindertensportverband Nordrhein Westfalen. Im Jahre 2003 f\u00fcr die Orthop\u00e4die. Im Jahre 2004 f\u00fcr die inneren Organe. Zurzeit leite ich [&hellip;]<\/p>\n","protected":false},"author":1,"featured_media":0,"parent":29,"menu_order":4,"comment_status":"closed","ping_status":"closed","template":"","meta":{"footnotes":""},"class_list":["post-128","page","type-page","status-publish","hentry"],"_links":{"self":[{"href":"https:\/\/www.praeventio-ev.de\/index.php?rest_route=\/wp\/v2\/pages\/128","targetHints":{"allow":["GET"]}}],"collection":[{"href":"https:\/\/www.praeventio-ev.de\/index.php?rest_route=\/wp\/v2\/pages"}],"about":[{"href":"https:\/\/www.praeventio-ev.de\/index.php?rest_route=\/wp\/v2\/types\/page"}],"author":[{"embeddable":true,"href":"https:\/\/www.praeventio-ev.de\/index.php?rest_route=\/wp\/v2\/users\/1"}],"replies":[{"embeddable":true,"href":"https:\/\/www.praeventio-ev.de\/index.php?rest_route=%2Fwp%2Fv2%2Fcomments&post=128"}],"version-history":[{"count":14,"href":"https:\/\/www.praeventio-ev.de\/index.php?rest_route=\/wp\/v2\/pages\/128\/revisions"}],"predecessor-version":[{"id":3855,"href":"https:\/\/www.praeventio-ev.de\/index.php?rest_route=\/wp\/v2\/pages\/128\/revisions\/3855"}],"up":[{"embeddable":true,"href":"https:\/\/www.praeventio-ev.de\/index.php?rest_route=\/wp\/v2\/pages\/29"}],"wp:attachment":[{"href":"https:\/\/www.praeventio-ev.de\/index.php?rest_route=%2Fwp%2Fv2%2Fmedia&parent=128"}],"curies":[{"name":"wp","href":"https:\/\/api.w.org\/{rel}","templated":true}]}}