{"id":3489,"date":"2021-12-13T16:21:59","date_gmt":"2021-12-13T15:21:59","guid":{"rendered":"https:\/\/www.praeventio-ev.de\/?page_id=3489"},"modified":"2022-03-29T09:49:47","modified_gmt":"2022-03-29T08:49:47","slug":"25-jahre-praeventio-mitgliederversammlung-zum-jubilaeum","status":"publish","type":"page","link":"https:\/\/www.praeventio-ev.de\/?page_id=3489","title":{"rendered":"25 Jahre Pr\u00e4ventio &#8211; Mitgliederversammlung zum Jubil\u00e4um"},"content":{"rendered":"<p>\u201eIch begr\u00fc\u00dfe Euch auf das Herzlichste.\u201c So er\u00f6ffnete der 1. Vorsitzende Dr. Schreiber-Weber die wegen Corona verschobene Mitgliederversammlung. Pr\u00e4ventio sei erstaunlich gut durch die 25 Jahre und durch die Krise gekommen. Die Mitglieder und \u00dcbungsleiterinnen h\u00e4tten treu zum Verein gestanden, der zurzeit 180 Mitglieder hat.<br \/>\nDer 2. Vorsitzende Arnd K\u00f6ster, zust\u00e4ndig f\u00fcr die Reha-Sportgruppen, hofft, dass bald wieder alle Kurse betrieben werden k\u00f6nnen. Dr. Astrid Libuda-K\u00f6ster organisiert Weiterbildung und Qualit\u00e4tssicherung. Sie erkl\u00e4rt, dass alle vorgeschriebenen Fortbildungsma\u00dfnahmen trotz gro\u00dfenteils pausierender Gruppen durchgef\u00fchrt wurden. Brigitte L\u00fckewille, verantwortlich f\u00fcr Mitgliederbetreuung und Abrechnung, berichtet von zahlreichen Neuanmeldungen. Hilde Kohl, zust\u00e4ndig f\u00fcr das Vereinswesen, rief den Ausflug nach Schlo\u00df Benkhausen in Erinnerung wo die Teilnehmer*innen nach einem reichhaltigen Fr\u00fchst\u00fcck und einem Rundgang durch den Schlosspark das Gauselmann Automatenmuseum besichtigten. Als Vorstandsmitglied auch zust\u00e4ndig f\u00fcr die Finanzen, berichtet sie weiter \u00fcber eine stabile Finanzlage, und gab einen zuversichtlichen Ausblick auf die Zukunft.<br \/>\nNach dem offiziellen Teil gab es noch anl\u00e4sslich des 25j\u00e4hrigen Vereinsjubil\u00e4ums ein heiteres Beisammensein bei Kaffee und Kuchen. Hierbei wurden zahlreiche Ehrungen vorgenommen f\u00fcr 10, 20 und 25 j\u00e4hrige Vereinszugeh\u00f6rigkeit. Uwe Rodemeister hielt eine humorvolle und wortgewandte Laudatio auf den Verein und das ehrenamtliche Engagement. Der Beifall und die gute Stimmung unterstrichen seine Botschaft:<br \/>\n<em>Pr\u00e4ventio ist etwas Besonderes!<\/em><\/p>\n<p><strong>10-j\u00e4hrige Mitgliedschaft:<\/strong><\/p>\n<div id=\"attachment_3490\" style=\"width: 510px\" class=\"wp-caption aligncenter\"><img loading=\"lazy\" decoding=\"async\" aria-describedby=\"caption-attachment-3490\" src=\"https:\/\/www.praeventio-ev.de\/wp-content\/uploads\/2021\/12\/10-Jahre-Mitgliedschaft-300x225.jpg\" alt=\"v.l. Eva Howaldt, Susanne T\u00f6lke, Waltraud Stock, Renate Pohle (es fehlen 4 weitere langj\u00e4hrige Mitglieder)\" width=\"500\" height=\"375\" class=\"wp-image-3490\" srcset=\"https:\/\/www.praeventio-ev.de\/wp-content\/uploads\/2021\/12\/10-Jahre-Mitgliedschaft-300x225.jpg 300w, https:\/\/www.praeventio-ev.de\/wp-content\/uploads\/2021\/12\/10-Jahre-Mitgliedschaft-768x576.jpg 768w, https:\/\/www.praeventio-ev.de\/wp-content\/uploads\/2021\/12\/10-Jahre-Mitgliedschaft.jpg 1024w\" sizes=\"auto, (max-width: 500px) 100vw, 500px\" \/><p id=\"caption-attachment-3490\" class=\"wp-caption-text\">v.l. Eva Howaldt, Susanne T\u00f6lke, Waltraud Stock, Renate Pohle<br \/>(es fehlen 4 weitere langj\u00e4hrige Mitglieder)<\/p><\/div>\n<p><strong>20-j\u00e4hrige Mitgliedschaft:<\/strong><\/p>\n<div id=\"attachment_3491\" style=\"width: 385px\" class=\"wp-caption aligncenter\"><img loading=\"lazy\" decoding=\"async\" aria-describedby=\"caption-attachment-3491\" src=\"https:\/\/www.praeventio-ev.de\/wp-content\/uploads\/2021\/12\/20-Jahre-Mitgliedschaft-e1639162736125.jpg\" alt=\"Christel Hoppe\" width=\"375\" height=\"500\" class=\"wp-image-3491\" srcset=\"https:\/\/www.praeventio-ev.de\/wp-content\/uploads\/2021\/12\/20-Jahre-Mitgliedschaft-e1639162736125.jpg 582w, https:\/\/www.praeventio-ev.de\/wp-content\/uploads\/2021\/12\/20-Jahre-Mitgliedschaft-e1639162736125-225x300.jpg 225w\" sizes=\"auto, (max-width: 375px) 100vw, 375px\" \/><p id=\"caption-attachment-3491\" class=\"wp-caption-text\">Christel Hoppe<\/p><\/div>\n<p><strong>25-j\u00e4hrige Mitgliedschaft:<\/strong><\/p>\n<div id=\"attachment_3492\" style=\"width: 510px\" class=\"wp-caption aligncenter\"><img loading=\"lazy\" decoding=\"async\" aria-describedby=\"caption-attachment-3492\" src=\"https:\/\/www.praeventio-ev.de\/wp-content\/uploads\/2021\/12\/25-Jahre-Mitgliedschaft.jpg\" alt=\"v.l.: Uwe Rodemeister, Arnd K\u00f6ster, Dr. Eckhard Schreiber-Weber, Brigitte Neumann, Anne Brandt, Brigitte Neum\u00fcller, Hans-Werner Neumann, Dr. Astrid Libuda-K\u00f6ster\" width=\"500\" height=\"375\" class=\"wp-image-3492\" srcset=\"https:\/\/www.praeventio-ev.de\/wp-content\/uploads\/2021\/12\/25-Jahre-Mitgliedschaft.jpg 1024w, https:\/\/www.praeventio-ev.de\/wp-content\/uploads\/2021\/12\/25-Jahre-Mitgliedschaft-300x225.jpg 300w, https:\/\/www.praeventio-ev.de\/wp-content\/uploads\/2021\/12\/25-Jahre-Mitgliedschaft-768x576.jpg 768w\" sizes=\"auto, (max-width: 500px) 100vw, 500px\" \/><p id=\"caption-attachment-3492\" class=\"wp-caption-text\">v.l.: Uwe Rodemeister, Arnd K\u00f6ster, Dr. Eckhard Schreiber-Weber,<br \/>Brigitte Neumann, Anne Brandt, Brigitte Neum\u00fcller,<br \/>Hans-Werner Neumann, Dr. Astrid Libuda-K\u00f6ster<\/p><\/div>\n","protected":false},"excerpt":{"rendered":"<p>\u201eIch begr\u00fc\u00dfe Euch auf das Herzlichste.\u201c So er\u00f6ffnete der 1. Vorsitzende Dr. Schreiber-Weber die wegen Corona verschobene Mitgliederversammlung. Pr\u00e4ventio sei erstaunlich gut durch die 25 Jahre und durch die Krise gekommen. Die Mitglieder und \u00dcbungsleiterinnen h\u00e4tten treu zum Verein gestanden, der zurzeit 180 Mitglieder hat. Der 2. Vorsitzende Arnd K\u00f6ster, [&hellip;]<\/p>\n","protected":false},"author":1,"featured_media":0,"parent":3499,"menu_order":0,"comment_status":"closed","ping_status":"closed","template":"","meta":{"footnotes":""},"class_list":["post-3489","page","type-page","status-publish","hentry"],"_links":{"self":[{"href":"https:\/\/www.praeventio-ev.de\/index.php?rest_route=\/wp\/v2\/pages\/3489","targetHints":{"allow":["GET"]}}],"collection":[{"href":"https:\/\/www.praeventio-ev.de\/index.php?rest_route=\/wp\/v2\/pages"}],"about":[{"href":"https:\/\/www.praeventio-ev.de\/index.php?rest_route=\/wp\/v2\/types\/page"}],"author":[{"embeddable":true,"href":"https:\/\/www.praeventio-ev.de\/index.php?rest_route=\/wp\/v2\/users\/1"}],"replies":[{"embeddable":true,"href":"https:\/\/www.praeventio-ev.de\/index.php?rest_route=%2Fwp%2Fv2%2Fcomments&post=3489"}],"version-history":[{"count":5,"href":"https:\/\/www.praeventio-ev.de\/index.php?rest_route=\/wp\/v2\/pages\/3489\/revisions"}],"predecessor-version":[{"id":3497,"href":"https:\/\/www.praeventio-ev.de\/index.php?rest_route=\/wp\/v2\/pages\/3489\/revisions\/3497"}],"up":[{"embeddable":true,"href":"https:\/\/www.praeventio-ev.de\/index.php?rest_route=\/wp\/v2\/pages\/3499"}],"wp:attachment":[{"href":"https:\/\/www.praeventio-ev.de\/index.php?rest_route=%2Fwp%2Fv2%2Fmedia&parent=3489"}],"curies":[{"name":"wp","href":"https:\/\/api.w.org\/{rel}","templated":true}]}}