{"id":3880,"date":"2025-06-27T09:46:54","date_gmt":"2025-06-27T08:46:54","guid":{"rendered":"https:\/\/www.praeventio-ev.de\/?page_id=3880"},"modified":"2026-01-08T12:31:18","modified_gmt":"2026-01-08T11:31:18","slug":"stift-zu-wuesten-stift-schoetmar","status":"publish","type":"page","link":"https:\/\/www.praeventio-ev.de\/?page_id=3880","title":{"rendered":"Stift zu W\u00fcsten \/ Stift Sch\u00f6tmar"},"content":{"rendered":"<ul class=\"kurskurz\">\n<li><strong>Termine :<\/strong><br \/>\n<em>Kurs W\u00fcsten 1:<\/em><br \/>\nmontags 15.30 &#8211; 16.15 Uhr<br \/>\n<em>Kurs W\u00fcsten 2:<\/em><br \/>\nmontags 16.30 &#8211; 17.15 Uhr<br \/>\n<em>Kurs W\u00fcsten 3:<\/em><br \/>\ndonnerstags 16.30 &#8211; 17.15 Uhr<br \/>\n<em>Kurs W\u00fcsten 4:<\/em><br \/>\ndonnerstags 15.30 &#8211; 16.15 Uhr<br \/>\n<em>Kurs Stift Sch\u00f6tmar:<\/em><br \/>\ndienstags 12.30 &#8211; 13.15 Uhr<\/li>\n<li><strong>Ort:<\/strong><br \/>\nStift zu W\u00fcsten<br \/>\nLangenbergstr. 14<br \/>\n32108 Bad Salzuflen<br \/>\n<em>bzw.<\/em><br \/>\nStift Sch\u00f6tmar<br \/>\nUferstr. 22-24<br \/>\n32108 Bad Salzuflen<\/li>\n<li><strong>Kosten:<br \/>\n<\/strong>auf \u00e4rztliche Verordnung abrechnungsf\u00e4hig \u00fcber die Krankenkassen, ansonsten siehe <a title=\"Kosten &amp; Beitr\u00e4ge\" href=\"http:\/\/www.praeventio-ev.de\/?page_id=48\">Kosten<\/a><\/li>\n<li><strong>Kursleitung:<\/strong><br \/>\n<img decoding=\"async\" src=\"https:\/\/www.praeventio-ev.de\/wp-content\/uploads\/2025\/04\/Baranovskis1.jpg\" alt=\"Torsten Baranovskis\" width=\"131\" class=\"alignnone wp-image-3567\" \/><br \/>\n<a title=\"Torsten Baranovskis\" href=\"https:\/\/www.praeventio-ev.de\/?page_id=3774\">Torsten Baranovskis<br \/>\n<\/a>\u00dcbungsleiter f\u00fcr Neurologie und Orthop\u00e4die<br \/>\n<br \/><img decoding=\"async\" src=\"https:\/\/www.praeventio-ev.de\/wp-content\/uploads\/2025\/04\/Bressler1.jpg\" alt=\"Gabriele Bre\u00dfler\" width=\"131\" class=\"alignnone wp-image-3567\" \/><\/p>\n<p><a href=\"https:\/\/www.praeventio-ev.de\/?page_id=3533\">Gabriele Bre\u00dfler<\/a><br \/>\n\u00dcbungsleiterin f\u00fcr Neurologie<\/li>\n<\/li>\n<p><!--li><strong>Betreuender Arzt:<\/strong>\n<Dr. Eckhard Schreiber-Weber Facharzt f\u00fcr Allgemeinmedizin, Badearzt><\/li-->\n<li><strong>Kurs W\u00fcsten 1: Abteilung: 25<\/strong><br \/>\n<strong>Kurs W\u00fcsten 2: Abteilung: 26<\/strong><br \/>\n<strong>Kurs W\u00fcsten 3: Abteilung: 27<\/strong><br \/>\n<strong>Kurs W\u00fcsten 4: Abteilung: 2<\/strong><br \/>\n<strong>Kurs Sch\u00f6tmar: Abteilung: 28<\/strong><small><br \/>\n(Bitte bei Anmeldung angeben)<\/small><\/li>\n<li><strong>Angebots-Nr.:<\/strong><br \/>\n<em>Kurs W\u00fcsten 1:<\/em> 1039-39752<br \/>\n<em>Kurs W\u00fcsten 2:<\/em> 1039-65635<br \/>\n<em>Kurs W\u00fcsten 3:<\/em> 1039-75939<br \/>\n<em>Kurs W\u00fcsten 4:<\/em> 1039-79094<br \/>\n<em>Kurs Sch\u00f6tmar:<\/em> 1039-79095<\/li>\n<\/ul>\n<h3>Kurse W\u00fcsten 1-3 \/ Stift Sch\u00f6tmar<\/h3>\n<p>Die Teilnehmer dieser Gruppen haben diverse Einschr\u00e4nkungen, was an der Mobilit\u00e4t zu erkennen ist. Rollstuhlfahrer, Rollatoren und Selbstl\u00e4ufer &#8211; alles ist vertreten.<br \/>\nZiel ist es, diese gewisse Selbstst\u00e4ndigkeit und Mobilit\u00e4t zu erhalten, zu st\u00e4rken und bestenfalls zu verbessern.<br \/>\nDies versuchen wir zu erreichen, indem wir den ganzen K\u00f6rper im Auge haben. Schwerpunkte gibt es in jeder \u00dcbungseinheit, mit Blick auf die Teilnehmer und deren M\u00f6glichkeit.<br \/>\nTrainingsger\u00e4te wie z.B. B\u00e4lle, B\u00e4nder, St\u00e4be usw. werden genauso eingesetzt wie das wir die\u00a0\u00dcbungen sowohl im Sitzen als nat\u00fcrlich auch im Stehen ausgef\u00fchrt werden.<br \/>\nDer Spa\u00df an Bewegungen, der immer im Vordergrund steht, wird zeitweise durch Musik unterst\u00fctzt.<\/p>\n<h3>Kurs W\u00fcsten 4<\/h3>\n<p>In einem Wohnbereich mit Personen, die ausschlie\u00dflich an Demenz leiden, arbeiten wir oft situativ und m\u00fcssen uns auf viele unterschiedliche und st\u00e4ndig ver\u00e4nderte Situationen einstellen und anpassen.<br \/>\nUnsere \u00dcbungen beinhalten Bewegungen von Kopf bis Fu\u00df, mit dem Ziel, den ganzen K\u00f6rper aktiv und fit zu halten.<br \/>\n\u00dcbungsmaterialien wie z.B. B\u00e4lle und B\u00e4nder, werden zur Freude aller Teilnehmer eingesetzt. Somit werden selbst stark eingeschr\u00e4nkte Teilnehmer durch die Gruppendynamik animiert mitzumachen.<\/p>\n","protected":false},"excerpt":{"rendered":"<p>Termine : Kurs W\u00fcsten 1: montags 15.30 &#8211; 16.15 Uhr Kurs W\u00fcsten 2: montags 16.30 &#8211; 17.15 Uhr Kurs W\u00fcsten 3: donnerstags 16.30 &#8211; 17.15 Uhr Kurs W\u00fcsten 4: donnerstags 15.30 &#8211; 16.15 Uhr Kurs Stift Sch\u00f6tmar: dienstags 12.30 &#8211; 13.15 Uhr Ort: Stift zu W\u00fcsten Langenbergstr. 14 32108 Bad [&hellip;]<\/p>\n","protected":false},"author":1,"featured_media":0,"parent":6,"menu_order":5,"comment_status":"closed","ping_status":"closed","template":"","meta":{"footnotes":""},"class_list":["post-3880","page","type-page","status-publish","hentry"],"_links":{"self":[{"href":"https:\/\/www.praeventio-ev.de\/index.php?rest_route=\/wp\/v2\/pages\/3880","targetHints":{"allow":["GET"]}}],"collection":[{"href":"https:\/\/www.praeventio-ev.de\/index.php?rest_route=\/wp\/v2\/pages"}],"about":[{"href":"https:\/\/www.praeventio-ev.de\/index.php?rest_route=\/wp\/v2\/types\/page"}],"author":[{"embeddable":true,"href":"https:\/\/www.praeventio-ev.de\/index.php?rest_route=\/wp\/v2\/users\/1"}],"replies":[{"embeddable":true,"href":"https:\/\/www.praeventio-ev.de\/index.php?rest_route=%2Fwp%2Fv2%2Fcomments&post=3880"}],"version-history":[{"count":28,"href":"https:\/\/www.praeventio-ev.de\/index.php?rest_route=\/wp\/v2\/pages\/3880\/revisions"}],"predecessor-version":[{"id":3944,"href":"https:\/\/www.praeventio-ev.de\/index.php?rest_route=\/wp\/v2\/pages\/3880\/revisions\/3944"}],"up":[{"embeddable":true,"href":"https:\/\/www.praeventio-ev.de\/index.php?rest_route=\/wp\/v2\/pages\/6"}],"wp:attachment":[{"href":"https:\/\/www.praeventio-ev.de\/index.php?rest_route=%2Fwp%2Fv2%2Fmedia&parent=3880"}],"curies":[{"name":"wp","href":"https:\/\/api.w.org\/{rel}","templated":true}]}}